{"id":730,"date":"2015-05-07T15:09:28","date_gmt":"2015-05-07T13:09:28","guid":{"rendered":"http:\/\/locus-solus-fr.net\/?page_id=730"},"modified":"2025-09-22T13:52:18","modified_gmt":"2025-09-22T11:52:18","slug":"mes-oeuvres-anthumes","status":"publish","type":"page","link":"https:\/\/www.locus-solus-fr.net\/?page_id=730","title":{"rendered":"Mes \u0153uvres anthumes"},"content":{"rendered":"<p><em>Ma vie d&rsquo;espion<\/em><\/p>\n<table>\n<tr>\n<td valign=\"top\"><img loading=\"lazy\" decoding=\"async\" src=\"http:\/\/locus-solus-fr.net\/img19\/vde.jpg\" width=\"200\" height=\"306\" \/><\/td>\n<td valign=\"top\"><\/td>\n<td valign=\"top\"><span class=\"note\">Photo de couverture : Alison Lambert.<br \/>\nMontr\u00e9al, <a href=\"https:\/\/www.dimedia.com\/ft000231727--fiche.html\" target=\"_blank\">L&rsquo;Oie de Cravan<\/a>, 2023.<br \/>\nISBN 978-2-924652-51-0<br \/>\nDist. : Dim\u00e9dia (Qu\u00e9bec) ; Belles Lettres (France et Belgique).<br \/>\nParution : 28 mars 2023 (Qu\u00e9bec) ; 20 octobre  2023 (Europe)<\/p>\n<p style=\"text-align: justify\"><strong>Recensions<\/strong><br \/>\n<a href=\"https:\/\/www.ledevoir.com\/lire\/790401\/novella-ma-vie-d-espion-thierry-horguelin\" target=\"_blank\">Le Devoir<\/a> (Hugues Corriveau)<br \/>\n<a href=\"https:\/\/www.campus.uliege.be\/cms\/c_18290780\/en\/thierry-horguelin-ma-vie-d-espion\" target=\"_blank\">Campus universit\u00e9 de Li\u00e8ge<\/a> (Carmelo Virone)<br \/>\n<a href=\"https:\/\/le-carnet-et-les-instants.net\/2023\/10\/20\/horguelin-ma-vie-d-espion\/\" target=\"_blank\">Le Carnet et les Instants<\/a> (Luc Dellisse)<br \/>\n<a href=\"https:\/\/oreilletendue.com\/2023\/07\/06\/poste-funebre\/\" target=\"_blank\">L&rsquo;Oreille tendue<\/a> (Beno\u00eet Melan\u00e7on)<br \/>\n<a href=\"https:\/\/librairiepantoute.com\/blogues\/les-charmes-et-perils-de-la-clandestinite-selon-thierry-horguelin\/\" target=\"_blank\">Librairie Pantoute<\/a> (Christian Vachon)<br \/>\n<\/span><\/td>\n<\/tr>\n<\/table>\n<p style=\"text-align: left\"><img decoding=\"async\" src=\"http:\/\/www.locus-solus-fr.net\/img\/spacer.gif\" \/><\/p>\n<p><em>Aventures<\/em><\/p>\n<table>\n<tr>\n<td valign=\"top\"><img loading=\"lazy\" decoding=\"async\" src=\"http:\/\/locus-solus-fr.net\/img21\/place.jpg\" width=\"200\" height=\"173\" \/><\/td>\n<td valign=\"top\"><\/td>\n<td valign=\"top\"><span class=\"note\"><a href=\"https:\/\/publication.place-plateforme.com\/place4\/thierry-horguelin\/\" target=\"_blank\"><em>Place<\/em><\/a> n\u00b0 4, f\u00e9vrier 2022.<br \/>\n<\/span><\/td>\n<\/tr>\n<\/table>\n<p style=\"text-align: left\"><img decoding=\"async\" src=\"http:\/\/www.locus-solus-fr.net\/img\/spacer.gif\" \/><\/p>\n<p><em>Chambres<\/em><\/p>\n<table>\n<tr>\n<td valign=\"top\"><img loading=\"lazy\" decoding=\"async\" src=\"http:\/\/locus-solus-fr.net\/img21\/boustro8.jpg\" width=\"200\" height=\"303\" \/><\/td>\n<td valign=\"top\"><\/td>\n<td valign=\"top\"><span class=\"note\"><a href=\"https:\/\/publication.place-plateforme.com\/place4\/thierry-horguelin\/\" target=\"_blank\"><a href=\"https:\/\/comptoirdulivre.be\/produit\/boustro-8\/\" target=\"_blank\"><em>Boustro<\/em><\/a><\/a> n\u00b0 8, 2020.<\/p>\n<p><em>\u00c9puis\u00e9.<\/em><\/p>\n<p><\/span><\/td>\n<\/tr>\n<\/table>\n<p style=\"text-align: left\"><img decoding=\"async\" src=\"http:\/\/www.locus-solus-fr.net\/img\/spacer.gif\" \/><\/p>\n<p><em>Nouvelles de l&rsquo;autre vie<\/em><\/p>\n<table>\n<tr>\n<td valign=\"top\"><img loading=\"lazy\" decoding=\"async\" src=\"http:\/\/locus-solus-fr.net\/wp-admin\/..\/img\/nav.gif\" width=\"200\" height=\"286\" \/><\/td>\n<td valign=\"top\"><\/td>\n<td valign=\"top\"><span class=\"note\">Photo de couverture : <a href=\"http:\/\/antoine-p.blogspot.com\/\" target=\"_blank\">Antoine Peuchmaurd<\/a>.<br \/>\nMontr\u00e9al, <a href=\"https:\/\/www.oiedecravan.com\/livres\/horguelin-thierry\/nouvelles-de-l-autre-vie\" target=\"_blank\">L&rsquo;Oie de Cravan<\/a>, 2016.<br \/>\nISBN 978-2-922399-99-8<br \/>\nDist. : Dim\u00e9dia (Qu\u00e9bec) ; Belles Lettres (France et Belgique).<\/p>\n<p style=\"text-align: justify\"><strong>Recensions<\/strong><br \/>\n<a href=\"https:\/\/karoo.me\/livres\/lautre-ivresse\" target=\"_blank\">Karoo<\/a> (Nicolas Marchal)<br \/>\n<a href=\"http:\/\/www.ledevoir.com\/culture\/livres\/476557\/les-chateaux-de-cartes-de-nos-identites\" target=\"_blank\">Le Devoir<\/a> (Dominic Tardif)<br \/>\n<a href=\"https:\/\/le-carnet-et-les-instants.net\/2016\/10\/04\/horguelin-nouvelles-de-l-autre-vie\/#more-9583\" target=\"_blank\">Le Carnet et les Instants<\/a> (Fr\u00e9d\u00e9ric Saenen)<br \/>\n<a href=\"http:\/\/lesmeconnus.net\/nouvelles-de-lautre-vie-de-thierry-horguelin-aimer-le-vrai-et-le-faux\/\" target=\"_blank\">Les M\u00e9connus<\/a> (Elizabeth Lord)<br \/>\n<a href=\"http:\/\/lecturesaucoeur.fr\/nouvelles-de-l-autre-vie\/\" target=\"_blank\">Lectures au c\u0153ur<\/a> (Odile d&rsquo;Harnois)<br \/>\n<a href=\"http:\/\/www.locus-solus-fr.net\/img\/mhv.gif\" onclick=\"window.open(this.href, '_blank', 'width=312,height=350,scrollbars=no,resizable=no,toolbar=no,directories=no,location=no,menubar=no,status=no,left=0,top=0'); return false\">Le Libraire<\/a> (Marie-H\u00e9l\u00e8ne Vaugeois)<br \/>\n<a href=\"https:\/\/voir.ca\/livres\/2016\/07\/28\/thierry-horguelin-nouvelles-de-lautre-vie\/\">Voir<\/a> (J\u00e9r\u00e9my Laniel)<\/p>\n<p><\/span><\/td>\n<\/tr>\n<\/table>\n<p style=\"text-align: left\"><img decoding=\"async\" src=\"http:\/\/www.locus-solus-fr.net\/img\/spacer.gif\" \/><\/p>\n<p><em>Alphab\u00e9tiques<\/em><br \/>\n<span class=\"note\">Mis en images par Mathieu Labaye<\/span><\/p>\n<table>\n<tr>\n<td valign=\"top\"><img loading=\"lazy\" decoding=\"async\" src=\"http:\/\/locus-solus-fr.net\/wp-admin\/..\/img\/Alphabetiques_.gif\" width=\"200\" height=\"260\" \/><\/td>\n<td valign=\"top\"><\/td>\n<td valign=\"top\"><span class=\"note\">Paris, <a href=\"https:\/\/lherbequitremble.fr\/livres\/alphabetiques.html\" target=\"_blank\">L&rsquo;Herbe qui tremble<\/a>, 2015.<br \/>\nISBN 978-2-918220-32-9<br \/>\nDist. : L&rsquo;Herbe qui tremble<\/p>\n<p style=\"text-align: justify\"><strong>Recensions<\/strong><br \/>\n<a href=\"http:\/\/salon-litteraire.com\/fr\/l-herbe-qui-tremble\/review\/1932022-thierry-horguelin-le-bonheur-par-la-contrainte\" target=\"_blank\">Le Salon litt\u00e9raire<\/a> (Fr\u00e9d\u00e9ric Saenen)<br \/>\n<a href=\"http:\/\/pierre.campion2.free.fr\/albarracin_horguelin.htm\" target=\"_blank\">Images de la po\u00e9sie<\/a> (Laurent Albarracin)<br \/>\n<a href=\"http:\/\/le-carnet-et-les-instants.net\/2015\/07\/13\/horgeulin-alphabetiques\/\" target=\"_blank\">Le Carnet et les Instants<\/a> (Ghislain Cotton)<br \/>\n<a href=\"http:\/\/culture.ulg.ac.be\/jcms\/c_2622926\/fr\/thierry-horguelin-alphabetiques\" target=\"_blank\">Culture ULG<\/a> (Fr\u00e9d\u00e9ric Saenen)<br \/>\n<\/span><\/td>\n<\/tr>\n<\/table>\n<p style=\"text-align: left\"><img decoding=\"async\" src=\"http:\/\/www.locus-solus-fr.net\/img\/spacer.gif\" \/><\/p>\n<p style=\"text-align: justify\"><em>Choses vues<\/em><br \/>\n<span class=\"note\">Excursions dans le monde visible<\/span><\/p>\n<table>\n<tr>\n<td valign=\"top\"><img loading=\"lazy\" decoding=\"async\" src=\"..\/img8\/chvues02.jpg\" width=\"200\" height=\"295\" \/><\/td>\n<td valign=\"top\"><\/td>\n<td valign=\"top\"><span class=\"note\">Montr\u00e9al, <a href=\"https:\/\/www.oiedecravan.com\/livres\/horguelin-thierry\/choses-vues\" target=\"_blank\">L&rsquo;Oie de Cravan<\/a>, 2012.<br \/>\nISBN 978-2-922399-74-5<br \/>\nDist. : Dim\u00e9dia (Qu\u00e9bec) ; Belles Lettres (France et Belgique).<\/p>\n<p style=\"text-align: justify\"><strong>Recensions<\/strong><br \/>\n<a href=\"http:\/\/www.cousinsdepersonne.com\/wp\/2013\/02\/voyage-entre-les-paves\/\" target=\"_blank\">Cousins de personne<\/a> (H\u00e9l\u00e8ne Fr\u00e9d\u00e9rick)<br \/>\n<a href=\"http:\/\/voyelleetconsonne.blogspot.be\/2012\/09\/rever-les-yeux-ouverts.html\" target=\"_blank\">Voyelle et consonne<\/a> (Xavier Dessaucy)<br \/>\n<a href=\"http:\/\/christophevanrossom.net\/2012\/07\/18\/le-conservatoire-de-linvisible\/\" target=\"_blank\">Christophe Van Rossom<\/a><br \/>\n<a href=\"http:\/\/www.lelibraire.org\/chroniques\/poesie-et-theatre\/la-poesie-au-temps-des-feuilles-mortes\" target=\"_blank\">Lelibraire.org<\/a> (Maxime Catellier)<br \/>\n<a href=\"http:\/\/www.lelibraire.org\/nos-libraires-craquent\/litterature-quebecoise\/choses-vues\" target=\"_blank\">Lelibraire.org<\/a> (Sylvianne Blanchette)<br \/>\n<a href=\"http:\/\/www.youblisher.com\/p\/521522-CI-174\/\" target=\"_blank\"><em>Le Carnet et les Instants<\/em><\/a> (Martin Colin)<br \/>\n<a href=\"http:\/\/culture.ulg.ac.be\/jcms\/prod_1198934\/lecriture-au-present-de-thierry-horguelin?section=cdu_5042\" target=\"_blank\">Culture &#8211; Universit\u00e9 de Li\u00e8ge<\/a> (Laurent Demoulin)<\/p>\n<p><\/span><\/td>\n<\/tr>\n<\/table>\n<p style=\"text-align: justify\"><img decoding=\"async\" src=\"http:\/\/www.locus-solus-fr.net\/img\/spacer.gif\" align=\"left\" \/><br \/>\n<em>La Nuit sans fin<\/em><br \/>\n<span class=\"note\">Sept histoires pour occuper le jour<\/span><\/p>\n<table>\n<tr>\n<td valign=\"top\"><img loading=\"lazy\" decoding=\"async\" src=\"..\/img8\/nsf-200.jpg\" width=\"190\" height=\"295\" \/><\/td>\n<td valign=\"top\"><\/td>\n<td valign=\"top\"><span class=\"note\">Deuxi\u00e8me \u00e9dition revue.<br \/>\nMontr\u00e9al, <a href=\"https:\/\/www.oiedecravan.com\/livres\/horguelin-thierry\/la-nuit-sans-fin\" target=\"_blank\">L&rsquo;Oie de Cravan<\/a>, coll. Petites pattes \u00e0 pont, 2012.<br \/>\nISBN 978-2-922399-72-1<br \/>\nDist. : Dim\u00e9dia (Qu\u00e9bec) ; Belles Lettres (France et Belgique).<\/p>\n<p style=\"text-align: justify\"><strong>Recensions<\/strong><br \/>\n<a href=\"http:\/\/leblogduvisagevert.wordpress.com\/2009\/12\/31\/nuit-sans-fin\/\" target=\"_blank\">Le blog du Visage vert<\/a><br \/>\n<a href=\"http:\/\/lediteursingulier.blogspot.com\/2010\/01\/la-nuit-sans-fin-thierry-horguelin.html\" target=\"_blank\">L&rsquo;\u00e9diteur singulier<\/a><br \/>\n<a href=\"https:\/\/karoo.me\/livres\/thierry-horguelin-les-occupations-imaginaires\" target=\"_blank\">Karoo<\/a> (Christophe Lazaro)<br \/>\n<a href=\"http:\/\/www.paulemond.com\/article-thierry-horguelin-a-la-frontiere-des-mondes-59888460.html\" target=\"_blank\">Paul Emond<\/a><br \/>\n<a href=\"http:\/\/www.delitteris.com\/au-fil-des-pages\/la-nuit-sans-fin\/\" target=\"_blank\">De Litteris<\/a><br \/>\n<a href=\"http:\/\/librairievaugeois.blogspot.be\/2012\/07\/les-libraires-de-la-librairie-vaugeois.html\" target=\"_blank\">Librairie Vaugeois<\/a> (Sylvianne Blanchette)<br \/>\n<a href=\"http:\/\/voyelleetconsonne.blogspot.be\/2012\/09\/rever-les-yeux-ouverts.html\" target=\"_blank\">Voyelle et consonne<\/a> (Xavier Dessaucy)<br \/>\n<a href=\"http:\/\/bibliobabil.com\/2012\/07\/18\/exercice-de-style-dithyrambe-autour-dune-nuit-sans-fin\/\" target=\"_blank\">BiblioBabil<\/a> (Luc Jodoin)<\/p>\n<p><\/span><\/td>\n<\/tr>\n<\/table>\n<p style=\"text-align: justify\"><img decoding=\"async\" src=\"http:\/\/www.locus-solus-fr.net\/img\/spacer.gif\" align=\"left\" \/><br \/>\n<em>La Nuit sans fin<\/em><br \/>\n<span class=\"note\">Sept histoires pour occuper le jour<\/span><\/p>\n<table>\n<tr>\n<td valign=\"top\"><img decoding=\"async\" src=\"http:\/\/locus-solus-fr.net\/wp-admin\/..\/img\/nsf02.jpg\" \/><\/td>\n<td valign=\"top\"><\/td>\n<td valign=\"top\"><span class=\"note\">Photo de couverture : <a href=\"http:\/\/antoine-p.blogspot.com\/\" target=\"_blank\">Antoine Peuchmaurd<\/a>.<br \/>\nMontr\u00e9al, L&rsquo;Oie de Cravan, 2009.<br \/>\nISBN 978-2-922399-58-3<br \/>\n<strong>\u00c9puis\u00e9<\/strong>.<br \/>\n<\/span><\/td>\n<\/tr>\n<\/table>\n<p style=\"text-align: justify\"><img decoding=\"async\" src=\"http:\/\/www.locus-solus-fr.net\/img\/spacer.gif\" align=\"left\" \/><br \/>\n<em>Le Voyageur de la nuit<\/em><br \/>\n<span class=\"note\">G\u00e9ographie imaginaire<\/span><\/p>\n<table>\n<tr>\n<td valign=\"top\"><img loading=\"lazy\" decoding=\"async\" src=\"..\/img8\/vdn-200.jpg\" width=\"200\" height=\"232\" \/><\/td>\n<td valign=\"top\"><\/td>\n<td valign=\"top\"><span class=\"note\">Avec sept collages d&rsquo;Andr\u00e9 Stas.<br \/>\nMontr\u00e9al, <a href=\"https:\/\/www.oiedecravan.com\/livres\/horguelin-thierry\/le-voyageur-de-la-nuit\/\" target=\"_blank\">L&rsquo;Oie de Cravan<\/a>, 2005.<br \/>\nISBN 978-2-922399-32-X<br \/>\nDist. : Dim\u00e9dia (Qu\u00e9bec) ; Belles Lettres (France et Belgique).<br \/>\n<\/span><\/td>\n<\/tr>\n<\/table>\n<p style=\"text-align: justify\"><img decoding=\"async\" src=\"http:\/\/www.locus-solus-fr.net\/img\/spacer.gif\" \/><\/p>\n<p style=\"text-align: left\">EN TRADUCTION<\/p>\n<p style=\"text-align: justify\">\u2014 <em>El Hombre del anorak amarillo<\/em> (<em>l&rsquo;Homme \u00e0 l&rsquo;anorak jaune<\/em>). Traduction espagnole de Mart\u00edn Schifino. <a href=\"http:\/\/www.shortstoryproject.com\/es\/el-hombre-del-anorak-amarillo\/\" target=\"_blank\">shortstoryproject.com<\/a>.<br \/>\n\u2014 <em>Ha&rsquo;ish ba Meil ha Tsahov<\/em> (<em>l&rsquo;Homme \u00e0 l&rsquo;anorak jaune<\/em>). Traduction en h\u00e9breu. <a href=\"http:\/\/www.shortstoryproject.com\/he\/%d7%94%d7%90%d7%99%d7%a9-%d7%91%d7%9e%d7%a2%d7%99%d7%9c-%d7%94%d7%a8%d7%95%d7%97-%d7%94%d7%a6%d7%94%d7%95%d7%91\/\" target=\"_blank\">shortstoryproject.com<\/a>.<br \/>\n\u2014 <em>Positions in Space<\/em> (<em>Positions dans l&rsquo;espace<\/em>). Traduction d&rsquo;Edward Gauvin. <em><a href=\"http:\/\/epiphanyzine.com\/past-issues-and-subscriptions\/fallwinter-2014\" target=\"_blank\" title=\"Epiphany\">Epiphany<\/a><\/em> n\u00b0 13, automne-hiver 2014-2015.<br \/>\n\u2014 <em>The Man in the Yellow Parka<\/em> (<em>l&rsquo;Homme \u00e0 l&rsquo;anorak jaune<\/em>). Traduction d&rsquo;Edward Gauvin. Anthologie <em>Best European Fiction 2014<\/em>. <a href=\"http:\/\/www.dalkeyarchive.com\/product\/best-european-fiction-2014\/\" target=\"_blank\">Dalkey Archive Press<\/a>, 2014. ISBN 978-1564788986. Texte disponible sur <a href=\"http:\/\/www.shortstoryproject.com\/the-man-in-the-yellow-parka\/\" target=\"_blank\">shortstoryproject.com<\/a>.<br \/>\n\u2014 <em>The Man in the Yellow Parka<\/em> (<em>l&rsquo;Homme \u00e0 l&rsquo;anorak jaune<\/em>). Traduction d&rsquo;Edward Gauvin. <a href=\"http:\/\/elevenelevenjournal.com\/\" target=\"_blank\"><em>Eleven Eleven<\/em><\/a> (n\u00b0 15), 2e semestre 2013.<br \/>\n\u2014  <em>Selections from The Night Voyager<\/em>. Traduction d&rsquo;Edward Gauvin. <em><a href=\"http:\/\/birkensnake.com\/nightvoyager.php\" target=\"_blank\" title=\"Birkensnake\">Birkensnake<\/a><\/em> n\u00b0 4, septembre 2011.<\/p>\n<p style=\"text-align: justify\"><img decoding=\"async\" src=\"http:\/\/www.locus-solus-fr.net\/img\/spacer.gif\" \/><\/p>\n<p style=\"text-align: left\">QUELQUES ARTICLES EN LIGNE<\/p>\n<p style=\"text-align: justify\">\u2014 Les films noirs de Fran\u00e7ois Truffaut (<a href=\"https:\/\/karoo.me\/propose\/cycle-truffaut-7-comme-dans-un-reve-les-films-noirs-de-francois-truffaut\" target=\"_blank\">Karoo<\/a>)<br \/>\n\u2014 <em>Les Yeux sans visage<\/em> de Georges Franju (<a href=\"https:\/\/karoo.me\/propose\/scenes-cultes-13les-yeux-sans-visagede-georges-franju\" target=\"_blank\">Karoo<\/a>)<br \/>\n\u2014 Huysmans plut\u00f4t que Houellebecq (<a href=\"https:\/\/karoo.me\/propose\/huysmans-plutot-que-houellebecq-1\" target=\"_blank\">Karoo<\/a>)<br \/>\n\u2014 Jean-Jacques Pauvert, la passion d&rsquo;\u00e9diter (<a href=\"https:\/\/karoo.me\/propose\/jean-jacques-pauvert\" target=\"_blank\">Karoo<\/a>)<br \/>\n\u2014 <em>Prime Suspect<\/em> (<a href=\"https:\/\/karoo.me\/propose\/serie-tele-7-prime-suspect\" target=\"_blank\">Karoo<\/a>)<br \/>\n\u2014 John Crosby, \u00e0 la vol\u00e9e (<a href=\"https:\/\/karoo.me\/propose\/un-article-sur\/john-crosby-a-toute-volee\" target=\"_blank\">Karoo<\/a>)<br \/>\n\u2014 <em>Les Amours d&rsquo;une blonde<\/em> et <em>Au feu les pompiers<\/em> de Milos Forman (<a href=\"http:\/\/www.dvdclassik.com\/critique\/les-amours-d-une-blonde-forman\" target=\"_blank\">DVD Classik<\/a>)<br \/>\n\u2014 <em>Target<\/em> de Peter Bogdanovich (<a href=\"http:\/\/www.dvdclassik.com\/critique\/la-cible-bogdanovich\" target=\"_blank\">DVD Classik<\/a>)<\/p>\n","protected":false},"excerpt":{"rendered":"<p>Ma vie d&rsquo;espion Photo de couverture : Alison Lambert. Montr\u00e9al, L&rsquo;Oie de Cravan, 2023. ISBN 978-2-924652-51-0 Dist. : Dim\u00e9dia (Qu\u00e9bec) ; Belles Lettres (France et Belgique). Parution : 28 mars 2023 (Qu\u00e9bec) ; 20 octobre 2023 (Europe) Recensions Le Devoir (Hugues Corriveau) Campus universit\u00e9 de Li\u00e8ge (Carmelo Virone) Le Carnet et les Instants (Luc Dellisse) [&hellip;]<\/p>\n","protected":false},"author":1,"featured_media":0,"parent":0,"menu_order":0,"comment_status":"closed","ping_status":"closed","template":"","meta":{"footnotes":""},"class_list":["post-730","page","type-page","status-publish","hentry"],"_links":{"self":[{"href":"https:\/\/www.locus-solus-fr.net\/index.php?rest_route=\/wp\/v2\/pages\/730","targetHints":{"allow":["GET"]}}],"collection":[{"href":"https:\/\/www.locus-solus-fr.net\/index.php?rest_route=\/wp\/v2\/pages"}],"about":[{"href":"https:\/\/www.locus-solus-fr.net\/index.php?rest_route=\/wp\/v2\/types\/page"}],"author":[{"embeddable":true,"href":"https:\/\/www.locus-solus-fr.net\/index.php?rest_route=\/wp\/v2\/users\/1"}],"replies":[{"embeddable":true,"href":"https:\/\/www.locus-solus-fr.net\/index.php?rest_route=%2Fwp%2Fv2%2Fcomments&post=730"}],"version-history":[{"count":8,"href":"https:\/\/www.locus-solus-fr.net\/index.php?rest_route=\/wp\/v2\/pages\/730\/revisions"}],"predecessor-version":[{"id":1671,"href":"https:\/\/www.locus-solus-fr.net\/index.php?rest_route=\/wp\/v2\/pages\/730\/revisions\/1671"}],"wp:attachment":[{"href":"https:\/\/www.locus-solus-fr.net\/index.php?rest_route=%2Fwp%2Fv2%2Fmedia&parent=730"}],"curies":[{"name":"wp","href":"https:\/\/api.w.org\/{rel}","templated":true}]}}